{"id":12346,"date":"2025-08-26T11:28:30","date_gmt":"2025-08-26T11:28:30","guid":{"rendered":"https:\/\/skaftfell.is\/exhibition\/kjarval-in-the-east\/"},"modified":"2025-09-10T12:27:23","modified_gmt":"2025-09-10T12:27:23","slug":"kjarval-in-the-east","status":"publish","type":"exhibition","link":"https:\/\/skaftfell.is\/is\/exhibition\/kjarval-in-the-east\/","title":{"rendered":"Kjarval \u00e1 Austurlandi"},"content":{"rendered":"\n<p class=\"wp-block-paragraph\">Kjarval \u00e1 Austurlandi opna\u00f0i \u00e1 17.j\u00fan\u00ed s\u00ed\u00f0astli\u00f0inn og stendur til 4.okt\u00f3ber n\u00e6stkomandi.<\/p>\n\n\n\n<p class=\"wp-block-paragraph\">Kjarval \u00e1 Austurlandi er s\u00fdning \u00e1 vegum Listasafns \u00cdslands sem unnin hefur veri\u00f0 \u00ed samstarfi vi\u00f0 Skaftfell, mi\u00f0st\u00f6\u00f0 myndlistar \u00e1 Austurlandi. \u00c1 s\u00fdningunni eru landslagsmyndir fr\u00e1 Austurlandi eftir J\u00f3hannes S. Kjarval (1885-1972), flestar \u00far f\u00f3rum Listasafns \u00cdslands. \u00c1 Borgarfir\u00f0i eystri eru \u00e6skust\u00f6\u00f0var Kjarvals og \u00feanga\u00f0 lag\u00f0i hann oft lei\u00f0 s\u00edna \u00e1 fullor\u00f0ins\u00e1rum og s\u00f3tti \u00fe\u00e1 efnivi\u00f0 verka sinna til hins tignarlega landslags \u00e1 Austurlandi. Verkin \u00e1 s\u00fdningunni spanna t\u00edmabili\u00f0 fr\u00e1 1919 til 1960; ol\u00edum\u00e1lverk sem og vatnslita- og graf\u00edkmyndir. Sum verkanna birta s\u00fdn Kjarvals \u00e1 \u00feekkjanlega sta\u00f0i, svo sem Dyrfj\u00f6ll og Strandatind \u00e1 Sey\u00f0isfir\u00f0i, en \u00f6nnur sk\u00edrskota til al\u00fe\u00fd\u00f0utr\u00faar og birta \u00edmyndunarau\u00f0gi listamannsins og tilraunahneig\u00f0 \u00ed efnist\u00f6kum.<\/p>\n\n\n\n<p class=\"wp-block-paragraph\">J\u00f3hannes S. Kjarval er einn af frumherjum \u00edslenskrar n\u00fat\u00edmamyndlistar. Oft er sagt a\u00f0 \u00feessi \u00e1sts\u00e6li listama\u00f0ur hafi opna\u00f0 augu \u00cdslendinga fyrir s\u00e9rst\u00e6\u00f0ri fegur\u00f0 landsins og \u00fe\u00e1 ekki s\u00edst \u00feeirri fegur\u00f0 sem finna m\u00e1 vi\u00f0 hvert f\u00f3tm\u00e1l.<\/p>\n","protected":false},"featured_media":1092,"template":"","meta":{"_acf_changed":false,"wds_primary_exhibition_status":0,"wds_primary_location":0,"footnotes":""},"exhibition_status":[426],"location":[431],"class_list":["post-12346","exhibition","type-exhibition","status-publish","has-post-thumbnail","hentry","exhibition_status-lidnar-syningar","location-skaftfellsgalleriid"],"acf":[],"_links":{"self":[{"href":"https:\/\/skaftfell.is\/is\/wp-json\/wp\/v2\/exhibition\/12346","targetHints":{"allow":["GET"]}}],"collection":[{"href":"https:\/\/skaftfell.is\/is\/wp-json\/wp\/v2\/exhibition"}],"about":[{"href":"https:\/\/skaftfell.is\/is\/wp-json\/wp\/v2\/types\/exhibition"}],"version-history":[{"count":0,"href":"https:\/\/skaftfell.is\/is\/wp-json\/wp\/v2\/exhibition\/12346\/revisions"}],"wp:featuredmedia":[{"embeddable":true,"href":"https:\/\/skaftfell.is\/is\/wp-json\/wp\/v2\/media\/1092"}],"wp:attachment":[{"href":"https:\/\/skaftfell.is\/is\/wp-json\/wp\/v2\/media?parent=12346"}],"wp:term":[{"taxonomy":"exhibition_status","embeddable":true,"href":"https:\/\/skaftfell.is\/is\/wp-json\/wp\/v2\/exhibition_status?post=12346"},{"taxonomy":"location","embeddable":true,"href":"https:\/\/skaftfell.is\/is\/wp-json\/wp\/v2\/location?post=12346"}],"curies":[{"name":"wp","href":"https:\/\/api.w.org\/{rel}","templated":true}]}}